{"id":216,"date":"2021-06-01T12:47:17","date_gmt":"2021-06-01T12:47:17","guid":{"rendered":"http:\/\/www.cemteixonera.com\/?page_id=216"},"modified":"2021-06-02T18:17:05","modified_gmt":"2021-06-02T18:17:05","slug":"padel","status":"publish","type":"page","link":"http:\/\/www.cemteixonera.com\/index.php\/padel\/","title":{"rendered":"P\u00e0del"},"content":{"rendered":"\t\t<div data-elementor-type=\"wp-page\" data-elementor-id=\"216\" class=\"elementor elementor-216\" data-elementor-settings=\"[]\">\n\t\t\t\t\t\t\t<div class=\"elementor-section-wrap\">\n\t\t\t\t\t\t\t<section class=\"elementor-section elementor-top-section elementor-element elementor-element-41bce1ad elementor-section-boxed elementor-section-height-default elementor-section-height-default\" data-id=\"41bce1ad\" data-element_type=\"section\">\n\t\t\t\t\t\t<div class=\"elementor-container elementor-column-gap-default\">\n\t\t\t\t\t<div class=\"elementor-column elementor-col-100 elementor-top-column elementor-element elementor-element-7f4de956\" data-id=\"7f4de956\" data-element_type=\"column\">\n\t\t\t<div class=\"elementor-widget-wrap elementor-element-populated\">\n\t\t\t\t\t\t\t\t<div class=\"elementor-element elementor-element-43afc8f7 elementor-widget elementor-widget-text-editor\" data-id=\"43afc8f7\" data-element_type=\"widget\" data-widget_type=\"text-editor.default\">\n\t\t\t\t<div class=\"elementor-widget-container\">\n\t\t\t\t\t\t\t\t<!-- wp:image {\"id\":258,\"sizeSlug\":\"large\",\"linkDestination\":\"none\"} -->\n<figure class=\"wp-block-image size-large\"><img loading=\"lazy\" decoding=\"async\" width=\"1000\" height=\"700\" class=\"wp-image-258\" src=\"http:\/\/www.cemteixonera.com\/wp-content\/uploads\/2021\/06\/Padel5-1.jpg\" alt=\"\" srcset=\"http:\/\/www.cemteixonera.com\/wp-content\/uploads\/2021\/06\/Padel5-1.jpg 1000w, http:\/\/www.cemteixonera.com\/wp-content\/uploads\/2021\/06\/Padel5-1-300x210.jpg 300w, http:\/\/www.cemteixonera.com\/wp-content\/uploads\/2021\/06\/Padel5-1-768x538.jpg 768w\" sizes=\"auto, (max-width: 1000px) 100vw, 1000px\" \/><\/figure>\n<!-- \/wp:image --><!-- wp:paragraph -->\n<p>El p\u00e0del va arribar a <strong>Catalunya <\/strong>a medios dels anys <strong>80<\/strong>, i va viure una primera expansi\u00f3 a els <strong>90<\/strong>. Des de la creaci\u00f3 de la Federaci\u00f3 Catalana el 2004, ha crescut de manera espectacular en nombre de clubs, llic\u00e8ncies federatives i practicants.<\/p>\n<!-- \/wp:paragraph --><!-- wp:paragraph -->\n<p>Avui el p\u00e0del segueix creixent i el <strong>CEM Teixonera<\/strong> est\u00e0 apostant fort per aquest esport. A les dues pistes disponibles actualment al centre, aviat s&#8217;afegiran altres set que ja estan en construcci\u00f3.<\/p>\n<!-- \/wp:paragraph --><!-- wp:image {\"id\":260,\"sizeSlug\":\"large\",\"linkDestination\":\"none\"} -->\n<figure class=\"wp-block-image size-large\"><img loading=\"lazy\" decoding=\"async\" class=\"alignnone wp-image-281 size-large\" src=\"http:\/\/www.cemteixonera.com\/wp-content\/uploads\/2021\/06\/teixonera-11b-1024x1024.jpg\" alt=\"\" width=\"1024\" height=\"1024\" data-wp-editing=\"1\" srcset=\"http:\/\/www.cemteixonera.com\/wp-content\/uploads\/2021\/06\/teixonera-11b-1024x1024.jpg 1024w, http:\/\/www.cemteixonera.com\/wp-content\/uploads\/2021\/06\/teixonera-11b-300x300.jpg 300w, http:\/\/www.cemteixonera.com\/wp-content\/uploads\/2021\/06\/teixonera-11b-150x150.jpg 150w, http:\/\/www.cemteixonera.com\/wp-content\/uploads\/2021\/06\/teixonera-11b-768x768.jpg 768w, http:\/\/www.cemteixonera.com\/wp-content\/uploads\/2021\/06\/teixonera-11b-1536x1536.jpg 1536w, http:\/\/www.cemteixonera.com\/wp-content\/uploads\/2021\/06\/teixonera-11b-2048x2048.jpg 2048w\" sizes=\"auto, (max-width: 1024px) 100vw, 1024px\" \/><\/figure>\n<!-- \/wp:image --><!-- wp:paragraph -->\n<p>Les pistes no acullen cap competici\u00f3 oficial i estan obertes a lloguers privats, per\u00f2 tamb\u00e9 s\u00f3n utilitzades de forma puntual per la <a href=\"http:\/\/www.federacioacell.org\/pagina.php?pagina=Historia\"><strong>Federaci\u00f3 ACELL,<\/strong><\/a> un entitat sense afany de lucre que t\u00e9 com a objectiu principal millorar la qualitat de vida de les persones amb discapacitat intel\u00b7lectual. Aquesta instituci\u00f3 organitza de forma puntual uns tornejos de p\u00e0del per als seus socis, convertint l&#8217;esport en un instrument per a fomentar la inclusi\u00f3 d&#8217;aquest col\u00b7lectiu.<\/p>\n<!-- \/wp:paragraph -->\n<p>\u00a0<\/p>\n<p>\u00a0<\/p>\t\t\t\t\t\t<\/div>\n\t\t\t\t<\/div>\n\t\t\t\t\t<\/div>\n\t\t<\/div>\n\t\t\t\t\t\t\t<\/div>\n\t\t<\/section>\n\t\t\t\t\t\t<\/div>\n\t\t\t\t\t<\/div>\n\t\t","protected":false},"excerpt":{"rendered":"<p>El p\u00e0del va arribar a Catalunya a medios dels anys 80, i va viure una primera expansi\u00f3 a els 90. Des de la creaci\u00f3 de la Federaci\u00f3 Catalana el 2004, ha crescut de manera espectacular en nombre de clubs, llic\u00e8ncies federatives i practicants. Avui el p\u00e0del segueix creixent i el CEM Teixonera est\u00e0 apostant fort &hellip;<\/p>\n<p class=\"read-more\"> <a class=\"\" href=\"http:\/\/www.cemteixonera.com\/index.php\/padel\/\"> <span class=\"screen-reader-text\">P\u00e0del<\/span> Leer m\u00e1s &raquo;<\/a><\/p>\n","protected":false},"author":1,"featured_media":0,"parent":0,"menu_order":0,"comment_status":"closed","ping_status":"closed","template":"","meta":{"footnotes":""},"class_list":["post-216","page","type-page","status-publish","hentry"],"_links":{"self":[{"href":"http:\/\/www.cemteixonera.com\/index.php\/wp-json\/wp\/v2\/pages\/216","targetHints":{"allow":["GET"]}}],"collection":[{"href":"http:\/\/www.cemteixonera.com\/index.php\/wp-json\/wp\/v2\/pages"}],"about":[{"href":"http:\/\/www.cemteixonera.com\/index.php\/wp-json\/wp\/v2\/types\/page"}],"author":[{"embeddable":true,"href":"http:\/\/www.cemteixonera.com\/index.php\/wp-json\/wp\/v2\/users\/1"}],"replies":[{"embeddable":true,"href":"http:\/\/www.cemteixonera.com\/index.php\/wp-json\/wp\/v2\/comments?post=216"}],"version-history":[{"count":11,"href":"http:\/\/www.cemteixonera.com\/index.php\/wp-json\/wp\/v2\/pages\/216\/revisions"}],"predecessor-version":[{"id":291,"href":"http:\/\/www.cemteixonera.com\/index.php\/wp-json\/wp\/v2\/pages\/216\/revisions\/291"}],"wp:attachment":[{"href":"http:\/\/www.cemteixonera.com\/index.php\/wp-json\/wp\/v2\/media?parent=216"}],"curies":[{"name":"wp","href":"https:\/\/api.w.org\/{rel}","templated":true}]}}