{"id":31,"date":"2021-05-31T11:56:33","date_gmt":"2021-05-31T11:56:33","guid":{"rendered":"http:\/\/www.cemteixonera.com\/?page_id=31"},"modified":"2021-06-02T18:20:24","modified_gmt":"2021-06-02T18:20:24","slug":"agenda-2022","status":"publish","type":"page","link":"http:\/\/www.cemteixonera.com\/index.php\/agenda-2022\/","title":{"rendered":"Agenda 2022"},"content":{"rendered":"\t\t<div data-elementor-type=\"wp-page\" data-elementor-id=\"31\" class=\"elementor elementor-31\" data-elementor-settings=\"[]\">\n\t\t\t\t\t\t\t<div class=\"elementor-section-wrap\">\n\t\t\t\t\t\t\t<section class=\"elementor-section elementor-top-section elementor-element elementor-element-d8028cc elementor-section-boxed elementor-section-height-default elementor-section-height-default\" data-id=\"d8028cc\" data-element_type=\"section\">\n\t\t\t\t\t\t<div class=\"elementor-container elementor-column-gap-default\">\n\t\t\t\t\t<div class=\"elementor-column elementor-col-100 elementor-top-column elementor-element elementor-element-7449e33\" data-id=\"7449e33\" data-element_type=\"column\">\n\t\t\t<div class=\"elementor-widget-wrap elementor-element-populated\">\n\t\t\t\t\t\t\t\t<div class=\"elementor-element elementor-element-7fe211a elementor-widget elementor-widget-image\" data-id=\"7fe211a\" data-element_type=\"widget\" data-widget_type=\"image.default\">\n\t\t\t\t<div class=\"elementor-widget-container\">\n\t\t\t\t\t\t\t\t\t\t\t\t\t\t\t<img loading=\"lazy\" decoding=\"async\" width=\"300\" height=\"201\" src=\"http:\/\/www.cemteixonera.com\/wp-content\/uploads\/2021\/06\/Agenda-22-4-300x201.png\" class=\"attachment-medium size-medium\" alt=\"\" srcset=\"http:\/\/www.cemteixonera.com\/wp-content\/uploads\/2021\/06\/Agenda-22-4-300x201.png 300w, http:\/\/www.cemteixonera.com\/wp-content\/uploads\/2021\/06\/Agenda-22-4.png 478w\" sizes=\"auto, (max-width: 300px) 100vw, 300px\" \/>\t\t\t\t\t\t\t\t\t\t\t\t\t\t\t<\/div>\n\t\t\t\t<\/div>\n\t\t\t\t\t<\/div>\n\t\t<\/div>\n\t\t\t\t\t\t\t<\/div>\n\t\t<\/section>\n\t\t\t\t<section class=\"elementor-section elementor-top-section elementor-element elementor-element-2775423 elementor-section-boxed elementor-section-height-default elementor-section-height-default\" data-id=\"2775423\" data-element_type=\"section\">\n\t\t\t\t\t\t<div class=\"elementor-container elementor-column-gap-default\">\n\t\t\t\t\t<div class=\"elementor-column elementor-col-100 elementor-top-column elementor-element elementor-element-0c59ece\" data-id=\"0c59ece\" data-element_type=\"column\">\n\t\t\t<div class=\"elementor-widget-wrap elementor-element-populated\">\n\t\t\t\t\t\t\t\t<div class=\"elementor-element elementor-element-2817480 elementor-widget elementor-widget-image\" data-id=\"2817480\" data-element_type=\"widget\" data-widget_type=\"image.default\">\n\t\t\t\t<div class=\"elementor-widget-container\">\n\t\t\t\t\t\t\t\t\t\t\t\t\t\t\t<img loading=\"lazy\" decoding=\"async\" width=\"638\" height=\"175\" src=\"http:\/\/www.cemteixonera.com\/wp-content\/uploads\/2021\/05\/Adjuntament-Barcelona.png\" class=\"attachment-medium_large size-medium_large\" alt=\"\" srcset=\"http:\/\/www.cemteixonera.com\/wp-content\/uploads\/2021\/05\/Adjuntament-Barcelona.png 638w, http:\/\/www.cemteixonera.com\/wp-content\/uploads\/2021\/05\/Adjuntament-Barcelona-300x82.png 300w\" sizes=\"auto, (max-width: 638px) 100vw, 638px\" \/>\t\t\t\t\t\t\t\t\t\t\t\t\t\t\t<\/div>\n\t\t\t\t<\/div>\n\t\t\t\t\t<\/div>\n\t\t<\/div>\n\t\t\t\t\t\t\t<\/div>\n\t\t<\/section>\n\t\t\t\t<section class=\"elementor-section elementor-top-section elementor-element elementor-element-529c527 elementor-section-boxed elementor-section-height-default elementor-section-height-default\" data-id=\"529c527\" data-element_type=\"section\">\n\t\t\t\t\t\t<div class=\"elementor-container elementor-column-gap-default\">\n\t\t\t\t\t<div class=\"elementor-column elementor-col-100 elementor-top-column elementor-element elementor-element-7de48ac\" data-id=\"7de48ac\" data-element_type=\"column\">\n\t\t\t<div class=\"elementor-widget-wrap elementor-element-populated\">\n\t\t\t\t\t\t\t\t<div class=\"elementor-element elementor-element-248e2a1 elementor-widget elementor-widget-text-editor\" data-id=\"248e2a1\" data-element_type=\"widget\" data-widget_type=\"text-editor.default\">\n\t\t\t\t<div class=\"elementor-widget-container\">\n\t\t\t\t\t\t\t\t<h4><strong>\u201cNo deixem ning\u00fa enrere, tots arribem a la meta\u201d<\/strong><\/h4>\t\t\t\t\t\t<\/div>\n\t\t\t\t<\/div>\n\t\t\t\t\t<\/div>\n\t\t<\/div>\n\t\t\t\t\t\t\t<\/div>\n\t\t<\/section>\n\t\t\t\t<section class=\"elementor-section elementor-top-section elementor-element elementor-element-03fdeeb elementor-section-boxed elementor-section-height-default elementor-section-height-default\" data-id=\"03fdeeb\" data-element_type=\"section\">\n\t\t\t\t\t\t<div class=\"elementor-container elementor-column-gap-default\">\n\t\t\t\t\t<div class=\"elementor-column elementor-col-100 elementor-top-column elementor-element elementor-element-d050ebe\" data-id=\"d050ebe\" data-element_type=\"column\">\n\t\t\t<div class=\"elementor-widget-wrap elementor-element-populated\">\n\t\t\t\t\t\t\t\t<div class=\"elementor-element elementor-element-1b6c019 elementor-widget elementor-widget-text-editor\" data-id=\"1b6c019\" data-element_type=\"widget\" data-widget_type=\"text-editor.default\">\n\t\t\t\t<div class=\"elementor-widget-container\">\n\t\t\t\t\t\t\t\t<p>La pand\u00e8mia de la COVID-19 ha tingut un gran impacte a tot el m\u00f3n i, per tant, tamb\u00e9 a la ciutadania del Districte d\u2019Horta Guinard\u00f3 que s\u2019ha enfrontat a reptes molt estressants i aclaparadors que han provocat fortes emocions a gent gran, adults, joves i nens. Les mesures de salut p\u00fablica, com el distanciament social, s\u00f3n y han sigut necess\u00e0ries per reduir la propagaci\u00f3 de la COVID-19, per\u00f2 els hi crea un a\u00efllament i els hi augmenta l\u2019estr\u00e8s i l\u2019ansietat.<br \/>La Fundaci\u00f3 Marcet, com a gestora del CEM Teixonera-Vall d\u2019Hebron, volem col\u00b7laborar activament per ajudar a la ciutadania del districte a aprendre a fer front l\u2019estr\u00e8s d\u2019una manera saludable que els permetr\u00e0 a ells, als seus \u00e9ssers estimats i a les persones amb les quals estan en contacte, desenvolupin una major resili\u00e8ncia.<br \/>Amb aquest objectiu, el patronat de la Fundaci\u00f3 Marcet, ha acordat en la seva Assamblea General del 10 de mar\u00e7 de 2021, la implementaci\u00f3 i el desenvolupament de l\u2019 \u201cAGENDA 2022 del CEM Teixonera-Vall d\u2019Hebron\u201d que engloba 10 objectius de desenvolupament esportiu sostenible i 100 objectius concrets que es portaran a terme des del 2022 al 2029, amb pr\u00e8vies actuacions durant el 2021.<\/p>\t\t\t\t\t\t<\/div>\n\t\t\t\t<\/div>\n\t\t\t\t\t<\/div>\n\t\t<\/div>\n\t\t\t\t\t\t\t<\/div>\n\t\t<\/section>\n\t\t\t\t<section class=\"elementor-section elementor-top-section elementor-element elementor-element-c891c4c elementor-section-boxed elementor-section-height-default elementor-section-height-default\" data-id=\"c891c4c\" data-element_type=\"section\">\n\t\t\t\t\t\t<div class=\"elementor-container elementor-column-gap-default\">\n\t\t\t\t\t<div class=\"elementor-column elementor-col-100 elementor-top-column elementor-element elementor-element-becb50b\" data-id=\"becb50b\" data-element_type=\"column\">\n\t\t\t<div class=\"elementor-widget-wrap elementor-element-populated\">\n\t\t\t\t\t\t\t\t<div class=\"elementor-element elementor-element-5819a65 elementor-widget elementor-widget-spacer\" data-id=\"5819a65\" data-element_type=\"widget\" data-widget_type=\"spacer.default\">\n\t\t\t\t<div class=\"elementor-widget-container\">\n\t\t\t\t\t<div class=\"elementor-spacer\">\n\t\t\t<div class=\"elementor-spacer-inner\"><\/div>\n\t\t<\/div>\n\t\t\t\t<\/div>\n\t\t\t\t<\/div>\n\t\t\t\t\t<\/div>\n\t\t<\/div>\n\t\t\t\t\t\t\t<\/div>\n\t\t<\/section>\n\t\t\t\t<section class=\"elementor-section elementor-top-section elementor-element elementor-element-d81a7c2 elementor-section-boxed elementor-section-height-default elementor-section-height-default\" data-id=\"d81a7c2\" data-element_type=\"section\">\n\t\t\t\t\t\t<div class=\"elementor-container elementor-column-gap-default\">\n\t\t\t\t\t<div class=\"elementor-column elementor-col-100 elementor-top-column elementor-element elementor-element-2da9f7b\" data-id=\"2da9f7b\" data-element_type=\"column\">\n\t\t\t<div class=\"elementor-widget-wrap elementor-element-populated\">\n\t\t\t\t\t\t\t\t<div class=\"elementor-element elementor-element-0e6b44c elementor-position-top elementor-vertical-align-top elementor-widget elementor-widget-image-box\" data-id=\"0e6b44c\" data-element_type=\"widget\" data-widget_type=\"image-box.default\">\n\t\t\t\t<div class=\"elementor-widget-container\">\n\t\t\t<div class=\"elementor-image-box-wrapper\"><figure class=\"elementor-image-box-img\"><img decoding=\"async\" src=\"http:\/\/www.cemteixonera.com\/wp-content\/uploads\/elementor\/thumbs\/Esport-en-familia-p7z5xz16qpzj5o0t870bk0ougaet5k09tujt05mqjs.png\" title=\"Esport en familia\" alt=\"Esport en familia\" \/><\/figure><div class=\"elementor-image-box-content\"><h3 class=\"elementor-image-box-title\">ESPORT EN FAM\u00cdLIA<\/h3><\/div><\/div>\t\t<\/div>\n\t\t\t\t<\/div>\n\t\t\t\t\t<\/div>\n\t\t<\/div>\n\t\t\t\t\t\t\t<\/div>\n\t\t<\/section>\n\t\t\t\t<section class=\"elementor-section elementor-top-section elementor-element elementor-element-5a7de54 elementor-section-boxed elementor-section-height-default elementor-section-height-default\" data-id=\"5a7de54\" data-element_type=\"section\">\n\t\t\t\t\t\t<div class=\"elementor-container elementor-column-gap-default\">\n\t\t\t\t\t<div class=\"elementor-column elementor-col-100 elementor-top-column elementor-element elementor-element-d574bc5\" data-id=\"d574bc5\" data-element_type=\"column\">\n\t\t\t<div class=\"elementor-widget-wrap\">\n\t\t\t\t\t\t\t\t\t<\/div>\n\t\t<\/div>\n\t\t\t\t\t\t\t<\/div>\n\t\t<\/section>\n\t\t\t\t<section class=\"elementor-section elementor-top-section elementor-element elementor-element-246e67d elementor-section-boxed elementor-section-height-default elementor-section-height-default\" data-id=\"246e67d\" data-element_type=\"section\">\n\t\t\t\t\t\t<div class=\"elementor-container elementor-column-gap-default\">\n\t\t\t\t\t<div class=\"elementor-column elementor-col-100 elementor-top-column elementor-element elementor-element-c9bcc1e\" data-id=\"c9bcc1e\" data-element_type=\"column\">\n\t\t\t<div class=\"elementor-widget-wrap elementor-element-populated\">\n\t\t\t\t\t\t\t\t<div class=\"elementor-element elementor-element-2445104 elementor-widget elementor-widget-text-editor\" data-id=\"2445104\" data-element_type=\"widget\" data-widget_type=\"text-editor.default\">\n\t\t\t\t<div class=\"elementor-widget-container\">\n\t\t\t\t\t\t\t\t<p>Fomentar activitats esportives que es puguin gaudir en fam\u00edlia, que siguin alternatives saludables i divertides que s\u2019adaptin a qualsevol franja d\u2019edat, per practicar-lo conjuntament pares, mares, filles i fills; Esports senzills, que no requereixen de grans habilitats f\u00edsiques per a la seva execuci\u00f3 i pugui ser practicat per tot el m\u00f3n, sigui quin sigui el nivell i les condicions de cadasc\u00fa.<br \/>Esports que combinen les avantatges pr\u00f2pies de la realitzaci\u00f3 de l\u2019exercici f\u00edsics i els beneficis que aix\u00f2 aporta, amb un important component social i de diversi\u00f3, que fa que sigui una excel\u00b7lent forma d\u2019oci per tots els membres de la fam\u00edlia.<\/p>\t\t\t\t\t\t<\/div>\n\t\t\t\t<\/div>\n\t\t\t\t<div class=\"elementor-element elementor-element-723704d elementor-position-top elementor-vertical-align-top elementor-widget elementor-widget-image-box\" data-id=\"723704d\" data-element_type=\"widget\" data-widget_type=\"image-box.default\">\n\t\t\t\t<div class=\"elementor-widget-container\">\n\t\t\t<div class=\"elementor-image-box-wrapper\"><figure class=\"elementor-image-box-img\"><img decoding=\"async\" src=\"http:\/\/www.cemteixonera.com\/wp-content\/uploads\/elementor\/thumbs\/Recurso-2@4x-p7z6cjj4o9xj42uy5hq57cc1xalmgnuhtykqsk123s.png\" title=\"Recurso 2@4x\" alt=\"Recurso 2@4x\" \/><\/figure><div class=\"elementor-image-box-content\"><h3 class=\"elementor-image-box-title\">TOTES LES EDATS<\/h3><\/div><\/div>\t\t<\/div>\n\t\t\t\t<\/div>\n\t\t\t\t<div class=\"elementor-element elementor-element-955622f elementor-widget elementor-widget-text-editor\" data-id=\"955622f\" data-element_type=\"widget\" data-widget_type=\"text-editor.default\">\n\t\t\t\t<div class=\"elementor-widget-container\">\n\t\t\t\t\t\t\t\t<p>Volem que totes les persones s\u2019animin a incloure la pr\u00e0ctica de l\u2019exercici f\u00edsic o l\u2019esport en el seu dia a dia. I quant abans millor. Proposem activitats fiso-socials que no entenguin de edats, sexe o condici\u00f3; que estiguin indicades per tot el m\u00f3n, tot i que la seva pr\u00e0ctica s\u2019ha de realitzar segons la capacitat, edat i propi inter\u00e8s. Ocasionalment, sobretot en el cas de persones d\u2019edat avan\u00e7ada, ser\u00e0 necess\u00e0ria la supervisi\u00f3 per part d\u2019un professional per evitar possibles efectes secundaris negatius.<br \/>El rendiment f\u00edsic de les persones inicia un descens continu a partir dels vint anys. \u00c9s en aquesta etapa, degut a les obligacions laborals i familiars, quan menys temps es disposa per practicar exercici f\u00edsic, per\u00f2 amb una bona organitzaci\u00f3 di\u00e0ria, \u00e9s senzill guanyar una hora de rellotge per fer esport.<br \/>Fonamentalment, existeixen dos bones raons per practicar-lo a aquesta edat: la prevenci\u00f3 de malalties cardiovasculars \u2013 el risc de mort per malaltia coron\u00e0ria augmenta progressivament a partir dels 35 anys en els homes, i 45 en les dones- i la prevenci\u00f3 i tractament dels dolors d\u2019esquena i altres patologies freq\u00fcents.<\/p>\t\t\t\t\t\t<\/div>\n\t\t\t\t<\/div>\n\t\t\t\t<div class=\"elementor-element elementor-element-7b25ef2 elementor-position-top elementor-vertical-align-top elementor-widget elementor-widget-image-box\" data-id=\"7b25ef2\" data-element_type=\"widget\" data-widget_type=\"image-box.default\">\n\t\t\t\t<div class=\"elementor-widget-container\">\n\t\t\t<div class=\"elementor-image-box-wrapper\"><figure class=\"elementor-image-box-img\"><img decoding=\"async\" src=\"http:\/\/www.cemteixonera.com\/wp-content\/uploads\/elementor\/thumbs\/Recurso-3@4x-p7zag2b9a7vl8wkqq9c9j46e8bhgijhxg4i49xapk8.png\" title=\"Recurso 3@4x\" alt=\"Recurso 3@4x\" \/><\/figure><div class=\"elementor-image-box-content\"><h3 class=\"elementor-image-box-title\">INCLUSI\u00d3<\/h3><\/div><\/div>\t\t<\/div>\n\t\t\t\t<\/div>\n\t\t\t\t<div class=\"elementor-element elementor-element-0ab677b elementor-widget elementor-widget-text-editor\" data-id=\"0ab677b\" data-element_type=\"widget\" data-widget_type=\"text-editor.default\">\n\t\t\t\t<div class=\"elementor-widget-container\">\n\t\t\t\t\t\t\t\t<p>Fomentar l\u2019esport inclusiu, la pr\u00e0ctica esportiva de persones amb discapacitat com a eina per a la seva integraci\u00f3 social. La pr\u00e0ctica esportiva, a part de ser un instrument potent per la salut, afavoreix din\u00e0miques que equilibren les difer\u00e8ncies personals permetent la inclusi\u00f3 de les persones amb discapacitat en els seus \u00e0mbits socials.<br \/>Aquest objectiu es materialitzar\u00e0 mitjan\u00e7ant la posta a punt de iniciatives relacionades amb el foment de l\u2019activitat esportiva que promouen la inclusi\u00f3 i la integraci\u00f3 en l\u2019esport, tenint especial inter\u00e8s en les persones amb discapacitat. Les principals vies de desenvolupament del projecte seran:<\/p><ul><li>Promoci\u00f3 de l\u2019activitat f\u00edsica en entorns inclusius.<\/li><li>Formaci\u00f3 especialitzada.<\/li><li>Accessibilitat a l\u2019esport.<\/li><li>Pla esportiu de promoci\u00f3 de competicions inclusives.<\/li><li>Comunicaci\u00f3 i difusi\u00f3 del valor de l\u2019esport inclusiu i els seus \u00e8xits.<\/li><\/ul>\t\t\t\t\t\t<\/div>\n\t\t\t\t<\/div>\n\t\t\t\t<div class=\"elementor-element elementor-element-f2beac2 elementor-position-top elementor-vertical-align-top elementor-widget elementor-widget-image-box\" data-id=\"f2beac2\" data-element_type=\"widget\" data-widget_type=\"image-box.default\">\n\t\t\t\t<div class=\"elementor-widget-container\">\n\t\t\t<div class=\"elementor-image-box-wrapper\"><figure class=\"elementor-image-box-img\"><img decoding=\"async\" src=\"http:\/\/www.cemteixonera.com\/wp-content\/uploads\/elementor\/thumbs\/Recurso-4@4x-p7zag2b9a7vl8wkqq9c9j46e8bhgijhxg4i49xapk8.png\" title=\"Recurso 4@4x\" alt=\"Recurso 4@4x\" \/><\/figure><div class=\"elementor-image-box-content\"><h3 class=\"elementor-image-box-title\">DONA I ESPORT<\/h3><\/div><\/div>\t\t<\/div>\n\t\t\t\t<\/div>\n\t\t\t\t<div class=\"elementor-element elementor-element-7f5c2c6 elementor-widget elementor-widget-text-editor\" data-id=\"7f5c2c6\" data-element_type=\"widget\" data-widget_type=\"text-editor.default\">\n\t\t\t\t<div class=\"elementor-widget-container\">\n\t\t\t\t\t\t\t\t<p>Aconseguir la igualtat de g\u00e8nere a la pr\u00e0ctica esportiva i facultar a totes les dones i nenes.<br \/>L\u2019Agenda 2030 per el Desenvolupament Sostenible impulsa el comprom\u00eds per l\u2019assoliment de la igualtat de g\u00e8nere i la potenciaci\u00f3 de totes les dones i nenes a trav\u00e9s de la pr\u00e0ctica esportiva.<br \/>Hem de continuar lluitant per objectius fonamentals per assolir la igualtat real i efectiva a la pr\u00e0ctica ja que persisteix la discriminaci\u00f3 m\u00e9s o menys perceptibles que es donen di\u00e0riament en l\u2019\u00e0mbit de la pr\u00e0ctica de l\u2019esport.<\/p>\t\t\t\t\t\t<\/div>\n\t\t\t\t<\/div>\n\t\t\t\t<div class=\"elementor-element elementor-element-d6c15e4 elementor-position-top elementor-vertical-align-top elementor-widget elementor-widget-image-box\" data-id=\"d6c15e4\" data-element_type=\"widget\" data-widget_type=\"image-box.default\">\n\t\t\t\t<div class=\"elementor-widget-container\">\n\t\t\t<div class=\"elementor-image-box-wrapper\"><figure class=\"elementor-image-box-img\"><img decoding=\"async\" src=\"http:\/\/www.cemteixonera.com\/wp-content\/uploads\/elementor\/thumbs\/Recurso-5@4x-p7zag393h1wvkijdkrqw3lxutpctq8lns95lr79be0.png\" title=\"Recurso 5@4x\" alt=\"Recurso 5@4x\" \/><\/figure><div class=\"elementor-image-box-content\"><h3 class=\"elementor-image-box-title\">SALUT I BENESTAR<\/h3><\/div><\/div>\t\t<\/div>\n\t\t\t\t<\/div>\n\t\t\t\t<div class=\"elementor-element elementor-element-872a064 elementor-widget elementor-widget-text-editor\" data-id=\"872a064\" data-element_type=\"widget\" data-widget_type=\"text-editor.default\">\n\t\t\t\t<div class=\"elementor-widget-container\">\n\t\t\t\t\t\t\t\t<p>Optimitzar les activitats f\u00edsiques i esportives que afavoreixen la funci\u00f3 mental, l\u2019autonomia, la mem\u00f2ria, la rapidesa, la \u201cimatge corporal\u201d i la sensaci\u00f3 de benestar, i produeixen una estabilitat personal caracteritzada per l\u2019optimisme, l\u2019euf\u00f2ria i la flexibilitat mental.<br \/>Disenyar programes d\u2019activitat f\u00edsica que aportin relaxaci\u00f3, resist\u00e8ncia, fortalesa muscular i flexibilitat; que fomenten la interacci\u00f3 del cos amb l\u2019espai i el temps a trav\u00e9s del moviment, amb la finalitat de construir nombrosos aprenentatges. Aqusta construcci\u00f3 es dur\u00e0 a terme a trav\u00e9s d\u2019una successi\u00f3 de experi\u00e8ncies esportives que es promouen mitjan\u00e7ant l\u2019exploraci\u00f3, la pr\u00e0ctica i la interioritzaci\u00f3, estructurant aix\u00ed l\u2019esmentat esquema corporal.<br \/>S\u2019estima que entre un 9 i un 16 per cent de les morts produ\u00efdes en els pa\u00efsos desenvolupats, poden ser causades per un estil de vida sedentari. Dins l\u2019estat de salut de una persona, aquest \u00e9s un factor fonamental que es combina amb altres determinants importants com la dotaci\u00f3 gen\u00e8tica, l\u2019edat, la situaci\u00f3 nutricional, la higiene, bona salut, estr\u00e8s i tabac.<\/p>\t\t\t\t\t\t<\/div>\n\t\t\t\t<\/div>\n\t\t\t\t<div class=\"elementor-element elementor-element-6e93be7 elementor-position-top elementor-vertical-align-top elementor-widget elementor-widget-image-box\" data-id=\"6e93be7\" data-element_type=\"widget\" data-widget_type=\"image-box.default\">\n\t\t\t\t<div class=\"elementor-widget-container\">\n\t\t\t<div class=\"elementor-image-box-wrapper\"><figure class=\"elementor-image-box-img\"><img decoding=\"async\" src=\"http:\/\/www.cemteixonera.com\/wp-content\/uploads\/elementor\/thumbs\/Recurso-6@4x-p7zag393h1wvkijdkrqw3lxutpctq8lns95lr79be0.png\" title=\"Recurso 6@4x\" alt=\"Recurso 6@4x\" \/><\/figure><div class=\"elementor-image-box-content\"><h3 class=\"elementor-image-box-title\">FORMACI\u00d3 ESPORTIVA DE QUALITAT<\/h3><\/div><\/div>\t\t<\/div>\n\t\t\t\t<\/div>\n\t\t\t\t<div class=\"elementor-element elementor-element-6d921be elementor-widget elementor-widget-text-editor\" data-id=\"6d921be\" data-element_type=\"widget\" data-widget_type=\"text-editor.default\">\n\t\t\t\t<div class=\"elementor-widget-container\">\n\t\t\t\t\t\t\t\t<p>Garantir una formaci\u00f3 i aprenentatge esportiu inclusiu i equitatiu de qualitat i promoure oportunitats permanents per tothom.<br \/>\u00c9s primordial augmentar els esfor\u00e7os destinats a refor\u00e7ar la funci\u00f3 que exerceix la formaci\u00f3 i l\u2019aprenentatge esportiu en la total realitzaci\u00f3 de les persones, la conviv\u00e8ncia, l\u2019exercici responsable de la ciutadania local i global, la igualtat de g\u00e8nere i la salut. Els continguts d\u2019aquesta formaci\u00f3 i aprenentatge han de ser adequats i contemplar aspectes tant cognitius com no cognitius. Els coneixements, capacitats, valors i actituds necessaris per practicar esport, viure una vida social fruct\u00edfera , adoptar decisions importants, i assumir un paper actiu, tant en l\u2019\u00e0mbit local com a nivell global a l\u2019hora de afrontar i resoldre els problemes, poden adquirir-se mitjan\u00e7ant la formaci\u00f3 i aprenentatge de l\u2019esport.<br \/>En particular, les nenes i els nens amb discapacitat requereixen i necessiten un suport t\u00e8cnic material i hum\u00e0 garantit que sigui efectiu, ja que es detecta que la falta de recolzament afecta negativament en la seva activitat esportiva i en la conviv\u00e8ncia.<\/p>\t\t\t\t\t\t<\/div>\n\t\t\t\t<\/div>\n\t\t\t\t<div class=\"elementor-element elementor-element-3a4f1dd elementor-position-top elementor-vertical-align-top elementor-widget elementor-widget-image-box\" data-id=\"3a4f1dd\" data-element_type=\"widget\" data-widget_type=\"image-box.default\">\n\t\t\t\t<div class=\"elementor-widget-container\">\n\t\t\t<div class=\"elementor-image-box-wrapper\"><figure class=\"elementor-image-box-img\"><img decoding=\"async\" src=\"http:\/\/www.cemteixonera.com\/wp-content\/uploads\/elementor\/thumbs\/Recurso-7@4x-p7zag46xnvy5w4i0fa5io3pbf386xxpe4dt38h7x7s.png\" title=\"Recurso 7@4x\" alt=\"Recurso 7@4x\" \/><\/figure><div class=\"elementor-image-box-content\"><h3 class=\"elementor-image-box-title\">REDUCCI\u00d3 DE LA DESIGUALTAT<\/h3><\/div><\/div>\t\t<\/div>\n\t\t\t\t<\/div>\n\t\t\t\t<div class=\"elementor-element elementor-element-37e09a7 elementor-widget elementor-widget-text-editor\" data-id=\"37e09a7\" data-element_type=\"widget\" data-widget_type=\"text-editor.default\">\n\t\t\t\t<div class=\"elementor-widget-container\">\n\t\t\t\t\t\t\t\t<p>Volem reduir la desigualtat en la pr\u00e0ctica esportiva causada per motius de sexe, edat, discapacitat, ra\u00e7a, \u00e8tnia o religi\u00f3. Especialment, en el cas de les persones amb discapacitat, que conviuen amb un agreujament comparatiu molt rellevant, que els hi suposa inconvenients addicionals a la seva vida di\u00e0ria en relaci\u00f3 amb l\u2019esport, al haver d\u2019adquirir mitjans t\u00e8cnics i de suport per el desenvolupament de la seva autonomia personal i vida esportiva independent.<\/p>\t\t\t\t\t\t<\/div>\n\t\t\t\t<\/div>\n\t\t\t\t<div class=\"elementor-element elementor-element-c21530e elementor-position-top elementor-vertical-align-top elementor-widget elementor-widget-image-box\" data-id=\"c21530e\" data-element_type=\"widget\" data-widget_type=\"image-box.default\">\n\t\t\t\t<div class=\"elementor-widget-container\">\n\t\t\t<div class=\"elementor-image-box-wrapper\"><figure class=\"elementor-image-box-img\"><img decoding=\"async\" src=\"http:\/\/www.cemteixonera.com\/wp-content\/uploads\/elementor\/thumbs\/Recurso-8@4x-p7zag46xnvy5w4i0fa5io3pbf386xxpe4dt38h7x7s.png\" title=\"Recurso 8@4x\" alt=\"Recurso 8@4x\" \/><\/figure><div class=\"elementor-image-box-content\"><h3 class=\"elementor-image-box-title\">\u00c8TICA ESPORTIVA<\/h3><\/div><\/div>\t\t<\/div>\n\t\t\t\t<\/div>\n\t\t\t\t<div class=\"elementor-element elementor-element-b276ad9 elementor-widget elementor-widget-text-editor\" data-id=\"b276ad9\" data-element_type=\"widget\" data-widget_type=\"text-editor.default\">\n\t\t\t\t<div class=\"elementor-widget-container\">\n\t\t\t\t\t\t\t\t<p>L\u2019esport \u00e9s una activitat sociocultural que permet un enriquiment individual dins de la societat i que potencia l\u2019amistat, l\u2019intercanvi i, a dem\u00e9s, el coneixement i la relaci\u00f3 entre persones. L\u2019esport contribueix a millorar la relaci\u00f3, el coneixement i l\u2019expressi\u00f3 corporal. \u00c9s un factor d\u2019integraci\u00f3 social, font de diversi\u00f3, salut i benestar. La realitzaci\u00f3 d\u2019aquests valors permet la participaci\u00f3 de la societat des de diferents directrius de les que sovint constitueixen les actituds socials m\u00e9s convencionals. Aquestes pautes de participaci\u00f3 i relaci\u00f3 social han de contribuir al desenvolupament de certes sensibilitats, com el respecte a les diferents nacionalitats i races, al medi ambient i a la qualitat de vida com a factors de conviv\u00e8ncia social. La preservaci\u00f3 d\u2019aquests valors fa que sigui necessari que l\u2019esport recuperi algun dels seus elements tradicionals i que, per tant, el respecte a les regles del joc, la lleialtat, la \u00e8tica i l\u2019esportivitat siguin elements de vertebraci\u00f3 dels participants en el mateix. Per fomentar, impulsar i contribuir a la realitzaci\u00f3 d\u2019aquests objectius i valors, \u00e9s convenient considerar un Codi \u00c8tic amb l\u2019objectiu d\u2019aconseguir que s\u2019estableixin noves pautes de conducte i comportament dels estaments participants en el m\u00f3n de l\u2019esport, entitats, clubs, esportistes, t\u00e8cnics i dirigents esportius. El Codi parteix de la consideraci\u00f3 de que el comportament \u00e8tic \u00e9s essencial tant en l\u2019activitat com en la gesti\u00f3 esportiva. Aquest comportament permet canalitzar la rivalitat i la controv\u00e8rsia esportiva des de unes directrius espec\u00edfiques i socialment acceptables que puguin produir exemplaritat davant d\u2019 altres formes de relaci\u00f3 social.<\/p>\t\t\t\t\t\t<\/div>\n\t\t\t\t<\/div>\n\t\t\t\t<div class=\"elementor-element elementor-element-734382f elementor-position-top elementor-vertical-align-top elementor-widget elementor-widget-image-box\" data-id=\"734382f\" data-element_type=\"widget\" data-widget_type=\"image-box.default\">\n\t\t\t\t<div class=\"elementor-widget-container\">\n\t\t\t<div class=\"elementor-image-box-wrapper\"><figure class=\"elementor-image-box-img\"><img decoding=\"async\" src=\"http:\/\/www.cemteixonera.com\/wp-content\/uploads\/elementor\/thumbs\/Recurso-9@4x-p7zag46xnvy5w4i0fa5io3pbf386xxpe4dt38h7x7s.png\" title=\"Recurso 9@4x\" alt=\"Recurso 9@4x\" \/><\/figure><div class=\"elementor-image-box-content\"><h3 class=\"elementor-image-box-title\">ENERGIA NO CONTAMINANT<\/h3><\/div><\/div>\t\t<\/div>\n\t\t\t\t<\/div>\n\t\t\t\t<div class=\"elementor-element elementor-element-112266d elementor-widget elementor-widget-text-editor\" data-id=\"112266d\" data-element_type=\"widget\" data-widget_type=\"text-editor.default\">\n\t\t\t\t<div class=\"elementor-widget-container\">\n\t\t\t\t\t\t\t\t<p>Volem minimitzar l\u2019impacte medio-ambiental que suposa l\u2019\u00fas de l\u2019energia.<br \/>L\u2019\u00fas i el gaudiment intensiu del CIM Teixonera-Vall d\u2019Hebr\u00f3n implica una demanda continua d\u2019aigua i energia, consum que s\u2019ha de realitzar sota criteris de racionalitat tant per part dels usuaris, com dels responsables de manteniment i conservaci\u00f3 que han d\u2019incorporar les \u00faltimes innovacions tecnol\u00f2giques m\u00e9s eficients amb l\u2019objectiu de minimitzar l\u2019impacte ambiental que suposa l\u2019\u00fas de l\u2019energia. Aquesta l\u00ednia estrat\u00e8gica est\u00e0 en concordan\u00e7a amb el protocol de Kyoto.<\/p>\t\t\t\t\t\t<\/div>\n\t\t\t\t<\/div>\n\t\t\t\t<div class=\"elementor-element elementor-element-a883e27 elementor-position-top elementor-vertical-align-top elementor-widget elementor-widget-image-box\" data-id=\"a883e27\" data-element_type=\"widget\" data-widget_type=\"image-box.default\">\n\t\t\t\t<div class=\"elementor-widget-container\">\n\t\t\t<div class=\"elementor-image-box-wrapper\"><figure class=\"elementor-image-box-img\"><img decoding=\"async\" src=\"http:\/\/www.cemteixonera.com\/wp-content\/uploads\/elementor\/thumbs\/Recurso-10@4x-p7zag2b9a7vl8wkqq9c9j46e8bhgijhxg4i49xapk8.png\" title=\"Recurso 10@4x\" alt=\"Recurso 10@4x\" \/><\/figure><div class=\"elementor-image-box-content\"><h3 class=\"elementor-image-box-title\">ALIANCES PER A LA CONSECUCI\u00d3 D\u2019OBJECTIUS <\/h3><\/div><\/div>\t\t<\/div>\n\t\t\t\t<\/div>\n\t\t\t\t<div class=\"elementor-element elementor-element-0f7abd4 elementor-widget elementor-widget-text-editor\" data-id=\"0f7abd4\" data-element_type=\"widget\" data-widget_type=\"text-editor.default\">\n\t\t\t\t<div class=\"elementor-widget-container\">\n\t\t\t\t\t\t\t\t<p>Enfortir els mitjans de implementaci\u00f3 i revitalitzar aliances amb el teixit social de Horta Guinard\u00f3 per el desenvolupament sostenible de l\u2019esport.<br \/>\u00c9s fonamental per el desenvolupament d\u2019aquest acord mobilitzar tots els medis de implementaci\u00f3 necessaris, financers, p\u00fablics, privats i associatius del barri per a refor\u00e7ar una alian\u00e7a del districte, i llan\u00e7ar una agenda de naturalesa \u00e0mplia i horitzontal, ambiciosa i multidimensional.<\/p>\t\t\t\t\t\t<\/div>\n\t\t\t\t<\/div>\n\t\t\t\t\t<\/div>\n\t\t<\/div>\n\t\t\t\t\t\t\t<\/div>\n\t\t<\/section>\n\t\t\t\t<section class=\"elementor-section elementor-top-section elementor-element elementor-element-ea4983f elementor-section-boxed elementor-section-height-default elementor-section-height-default\" data-id=\"ea4983f\" data-element_type=\"section\">\n\t\t\t\t\t\t<div class=\"elementor-container elementor-column-gap-default\">\n\t\t\t\t\t<div class=\"elementor-column elementor-col-100 elementor-top-column elementor-element elementor-element-09167c8\" data-id=\"09167c8\" data-element_type=\"column\">\n\t\t\t<div class=\"elementor-widget-wrap elementor-element-populated\">\n\t\t\t\t\t\t\t\t<div class=\"elementor-element elementor-element-57d6d36 elementor-widget elementor-widget-spacer\" data-id=\"57d6d36\" data-element_type=\"widget\" data-widget_type=\"spacer.default\">\n\t\t\t\t<div class=\"elementor-widget-container\">\n\t\t\t\t\t<div class=\"elementor-spacer\">\n\t\t\t<div class=\"elementor-spacer-inner\"><\/div>\n\t\t<\/div>\n\t\t\t\t<\/div>\n\t\t\t\t<\/div>\n\t\t\t\t\t<\/div>\n\t\t<\/div>\n\t\t\t\t\t\t\t<\/div>\n\t\t<\/section>\n\t\t\t\t\t\t<\/div>\n\t\t\t\t\t<\/div>\n\t\t","protected":false},"excerpt":{"rendered":"<p>\u201cNo deixem ning\u00fa enrere, tots arribem a la meta\u201d La pand\u00e8mia de la COVID-19 ha tingut un gran impacte a tot el m\u00f3n i, per tant, tamb\u00e9 a la ciutadania del Districte d\u2019Horta Guinard\u00f3 que s\u2019ha enfrontat a reptes molt estressants i aclaparadors que han provocat fortes emocions a gent gran, adults, joves i nens. &hellip;<\/p>\n<p class=\"read-more\"> <a class=\"\" href=\"http:\/\/www.cemteixonera.com\/index.php\/agenda-2022\/\"> <span class=\"screen-reader-text\">Agenda 2022<\/span> Leer m\u00e1s &raquo;<\/a><\/p>\n","protected":false},"author":1,"featured_media":0,"parent":0,"menu_order":0,"comment_status":"closed","ping_status":"closed","template":"","meta":{"footnotes":""},"class_list":["post-31","page","type-page","status-publish","hentry"],"_links":{"self":[{"href":"http:\/\/www.cemteixonera.com\/index.php\/wp-json\/wp\/v2\/pages\/31","targetHints":{"allow":["GET"]}}],"collection":[{"href":"http:\/\/www.cemteixonera.com\/index.php\/wp-json\/wp\/v2\/pages"}],"about":[{"href":"http:\/\/www.cemteixonera.com\/index.php\/wp-json\/wp\/v2\/types\/page"}],"author":[{"embeddable":true,"href":"http:\/\/www.cemteixonera.com\/index.php\/wp-json\/wp\/v2\/users\/1"}],"replies":[{"embeddable":true,"href":"http:\/\/www.cemteixonera.com\/index.php\/wp-json\/wp\/v2\/comments?post=31"}],"version-history":[{"count":37,"href":"http:\/\/www.cemteixonera.com\/index.php\/wp-json\/wp\/v2\/pages\/31\/revisions"}],"predecessor-version":[{"id":297,"href":"http:\/\/www.cemteixonera.com\/index.php\/wp-json\/wp\/v2\/pages\/31\/revisions\/297"}],"wp:attachment":[{"href":"http:\/\/www.cemteixonera.com\/index.php\/wp-json\/wp\/v2\/media?parent=31"}],"curies":[{"name":"wp","href":"https:\/\/api.w.org\/{rel}","templated":true}]}}